{"id":513307,"date":"2025-06-05T16:15:18","date_gmt":"2025-06-05T14:15:18","guid":{"rendered":"https:\/\/2furn.be\/?post_type=product&#038;p=513307"},"modified":"2026-04-27T00:00:22","modified_gmt":"2026-04-26T22:00:22","slug":"nov-tvxxxfle","status":"publish","type":"product","link":"https:\/\/2furn.be\/fr\/product\/nov-tvxxxfle\/","title":{"rendered":"Nov TV140-220FLE"},"content":{"rendered":"<p>Le Nov TV140-220FLE est un meuble TV flottant marron fonc\u00e9 au look ch\u00eane raffin\u00e9. Ce meuble TV moderne est dot\u00e9 de c\u00f4t\u00e9s arrondis et de portes \u00e0 charni\u00e8res. Ce meuble TV flottant tr\u00e8s tendance se caract\u00e9rise par ses lignes \u00e9l\u00e9gantes et arrondies et son aspect ch\u00eane dans un coloris brun fonc\u00e9. Le meuble est flottant et doit \u00eatre fix\u00e9 au mur. Ce meuble est compos\u00e9 de 1 partie.<\/p>\n<p>La s\u00e9rie Nov est r\u00e9alis\u00e9e en finition Espresso et poss\u00e8de une structure en placage de ch\u00eane. Id\u00e9ale pour les int\u00e9rieurs branch\u00e9s qui allient style et fonctionnalit\u00e9. D\u00e9couvrez un design intemporel et des lignes \u00e9pur\u00e9es avec la collection de meubles tendance Nov.<\/p>","protected":false},"excerpt":{"rendered":"<table>\n<tbody>\n<tr>\n<td width=\"110\"><\/td>\n<td width=\"300\"><\/td>\n<\/tr>\n<tr>\n<td width=\"110\">Mat\u00e9riel:<\/td>\n<td width=\"300\">Placage de ch\u00eane<\/td>\n<\/tr>\n<tr>\n<td width=\"110\">Couleur:<\/td>\n<td width=\"300\">Brun (Fonc\u00e9)<\/td>\n<\/tr>\n<tr>\n<td width=\"110\">Finition:<\/td>\n<td width=\"300\">Finition Espresso<\/td>\n<\/tr>\n<\/tbody>\n<\/table>\n<p>&nbsp;<\/p>","protected":false},"featured_media":513322,"template":"","meta":{"_seopress_robots_primary_cat":"none","_seopress_titles_title":"Nov TV140-220FLE | zwevend donkerbruin Tv-meubel","_seopress_titles_desc":"Zwevend donkerbruin Tv-meubel met een verfijnde, eikenhouten uitstraling. Dit modern Tv-meubel moet bevestigd worden aan de muur.","_seopress_robots_index":""},"product_brand":[],"product_cat":[68],"product_tag":[52,130,44],"class_list":{"0":"post-513307","1":"product","2":"type-product","3":"status-publish","4":"has-post-thumbnail","6":"product_cat-tv-meubels","7":"product_tag-design-meubelen","8":"product_tag-espresso-finish","9":"product_tag-moderne-meubels","11":"first","12":"instock","13":"taxable","14":"shipping-taxable","15":"purchasable","16":"product-type-variable"},"_links":{"self":[{"href":"https:\/\/2furn.be\/fr\/wp-json\/wp\/v2\/product\/513307","targetHints":{"allow":["GET"]}}],"collection":[{"href":"https:\/\/2furn.be\/fr\/wp-json\/wp\/v2\/product"}],"about":[{"href":"https:\/\/2furn.be\/fr\/wp-json\/wp\/v2\/types\/product"}],"version-history":[{"count":1,"href":"https:\/\/2furn.be\/fr\/wp-json\/wp\/v2\/product\/513307\/revisions"}],"predecessor-version":[{"id":513325,"href":"https:\/\/2furn.be\/fr\/wp-json\/wp\/v2\/product\/513307\/revisions\/513325"}],"wp:featuredmedia":[{"embeddable":true,"href":"https:\/\/2furn.be\/fr\/wp-json\/wp\/v2\/media\/513322"}],"wp:attachment":[{"href":"https:\/\/2furn.be\/fr\/wp-json\/wp\/v2\/media?parent=513307"}],"wp:term":[{"taxonomy":"product_brand","embeddable":true,"href":"https:\/\/2furn.be\/fr\/wp-json\/wp\/v2\/product_brand?post=513307"},{"taxonomy":"product_cat","embeddable":true,"href":"https:\/\/2furn.be\/fr\/wp-json\/wp\/v2\/product_cat?post=513307"},{"taxonomy":"product_tag","embeddable":true,"href":"https:\/\/2furn.be\/fr\/wp-json\/wp\/v2\/product_tag?post=513307"}],"curies":[{"name":"wp","href":"https:\/\/api.w.org\/{rel}","templated":true}]}}