{"id":512884,"date":"2025-06-02T13:49:11","date_gmt":"2025-06-02T11:49:11","guid":{"rendered":"https:\/\/2furn.be\/?post_type=product&#038;p=512884"},"modified":"2026-04-27T00:00:21","modified_gmt":"2026-04-26T22:00:21","slug":"tob-tvxxxe","status":"publish","type":"product","link":"https:\/\/2furn.be\/fr\/product\/tob-tvxxxe\/","title":{"rendered":"Tob TV170-210E"},"content":{"rendered":"<p>Le Tob TV170-210E est un meuble TV tendance de couleur brun fonc\u00e9 avec un aspect raffin\u00e9 en ch\u00eane. Ce meuble TV moderne est dot\u00e9 de c\u00f4t\u00e9s arrondis et de portes battantes.\u00a0Ce meuble TV tendance se caract\u00e9rise par ses lignes \u00e9l\u00e9gantes et arrondies et son aspect ch\u00eane de couleur brun fonc\u00e9. Le meuble repose sur un pied \u00e9pur\u00e9. Ce meuble se compose d'une seule partie.<span class=\"Apple-converted-space\">\u00a0<\/span><\/p>\n<p>La s\u00e9rie Tob pr\u00e9sente une finition Espresso et une texture en placage de ch\u00eane. Id\u00e9ale pour les int\u00e9rieurs branch\u00e9s qui allient style et fonctionnalit\u00e9. D\u00e9couvrez un design intemporel et des lignes \u00e9pur\u00e9es avec la collection de meubles Tob.<\/p>","protected":false},"excerpt":{"rendered":"<table>\n<tbody>\n<tr>\n<td width=\"110\"><\/td>\n<td width=\"300\"><\/td>\n<\/tr>\n<tr>\n<td width=\"110\">Mat\u00e9riel:<\/td>\n<td width=\"300\">Placage de ch\u00eane<\/td>\n<\/tr>\n<tr>\n<td width=\"110\">Couleur:<\/td>\n<td width=\"300\">Brun (Fonc\u00e9)<\/td>\n<\/tr>\n<tr>\n<td width=\"110\">Finition:<\/td>\n<td width=\"300\">Finition fonc\u00e9e<\/td>\n<\/tr>\n<\/tbody>\n<\/table>\n<p>&nbsp;<\/p>","protected":false},"featured_media":512887,"template":"","meta":{"_seopress_robots_primary_cat":"none","_seopress_titles_title":"Tob TV170-210E | trendy donkerbruin Tv-meubel","_seopress_titles_desc":"Trendy donkerbruin Tv-meubel met een verfijnde, eikenhouten uitstraling. De Tv kast staat op een strakke poot","_seopress_robots_index":""},"product_brand":[],"product_cat":[68],"product_tag":[52,130,44],"class_list":{"0":"post-512884","1":"product","2":"type-product","3":"status-publish","4":"has-post-thumbnail","6":"product_cat-tv-meubels","7":"product_tag-design-meubelen","8":"product_tag-espresso-finish","9":"product_tag-moderne-meubels","11":"first","12":"instock","13":"taxable","14":"shipping-taxable","15":"purchasable","16":"product-type-variable"},"_links":{"self":[{"href":"https:\/\/2furn.be\/fr\/wp-json\/wp\/v2\/product\/512884","targetHints":{"allow":["GET"]}}],"collection":[{"href":"https:\/\/2furn.be\/fr\/wp-json\/wp\/v2\/product"}],"about":[{"href":"https:\/\/2furn.be\/fr\/wp-json\/wp\/v2\/types\/product"}],"version-history":[{"count":0,"href":"https:\/\/2furn.be\/fr\/wp-json\/wp\/v2\/product\/512884\/revisions"}],"wp:featuredmedia":[{"embeddable":true,"href":"https:\/\/2furn.be\/fr\/wp-json\/wp\/v2\/media\/512887"}],"wp:attachment":[{"href":"https:\/\/2furn.be\/fr\/wp-json\/wp\/v2\/media?parent=512884"}],"wp:term":[{"taxonomy":"product_brand","embeddable":true,"href":"https:\/\/2furn.be\/fr\/wp-json\/wp\/v2\/product_brand?post=512884"},{"taxonomy":"product_cat","embeddable":true,"href":"https:\/\/2furn.be\/fr\/wp-json\/wp\/v2\/product_cat?post=512884"},{"taxonomy":"product_tag","embeddable":true,"href":"https:\/\/2furn.be\/fr\/wp-json\/wp\/v2\/product_tag?post=512884"}],"curies":[{"name":"wp","href":"https:\/\/api.w.org\/{rel}","templated":true}]}}