{"id":512763,"date":"2025-06-02T11:01:58","date_gmt":"2025-06-02T09:01:58","guid":{"rendered":"https:\/\/2furn.be\/?post_type=product&#038;p=512763"},"modified":"2026-04-27T00:00:20","modified_gmt":"2026-04-26T22:00:20","slug":"noo-tvxxx","status":"publish","type":"product","link":"https:\/\/2furn.be\/fr\/product\/noo-tvxxx\/","title":{"rendered":"Noo TV170-210"},"content":{"rendered":"<p>Le Noo TV170-210 est un meuble TV tendance au look chic et \u00e9l\u00e9gant. Ce meuble TV tendance a des c\u00f4t\u00e9s arrondis et des portes \u00e0 charni\u00e8res. Ce meuble TV tendance se caract\u00e9rise par ses lignes \u00e9l\u00e9gantes et arrondies et ses lattes en bois. Ce meuble est compos\u00e9 de 1 partie.<\/p>\n<p>La s\u00e9rie Noo est r\u00e9alis\u00e9e en finition claire. Id\u00e9ale pour les int\u00e9rieurs branch\u00e9s qui allient style et fonctionnalit\u00e9. D\u00e9couvrez un design intemporel et des lignes \u00e9pur\u00e9es avec la collection de meubles Noo.<\/p>","protected":false},"excerpt":{"rendered":"<table>\n<tbody>\n<tr>\n<td width=\"110\"><\/td>\n<td width=\"300\"><\/td>\n<\/tr>\n<tr>\n<td width=\"110\">Mat\u00e9riel:<\/td>\n<td width=\"300\">Bois dur durable<\/td>\n<\/tr>\n<tr>\n<td width=\"110\">Couleur:<\/td>\n<td width=\"300\">Marron (clair)<\/td>\n<\/tr>\n<tr>\n<td width=\"110\">Finition:<\/td>\n<td width=\"300\">Finition l\u00e9g\u00e8re<\/td>\n<\/tr>\n<\/tbody>\n<\/table>\n<p>&nbsp;<\/p>","protected":false},"featured_media":512754,"template":"","meta":{"_seopress_robots_primary_cat":"none","_seopress_titles_title":"Noo TV170-210 | trendy Tv-kast met chique uitstraling","_seopress_titles_desc":"Trendy Tv-kast met chique, stijlvolle uitstraling. Dit trendy Tv-meubel is uitgevoerd met afgeronde zijkanten en houten latjes.","_seopress_robots_index":""},"product_brand":[],"product_cat":[68],"product_tag":[52,126,44],"class_list":{"0":"post-512763","1":"product","2":"type-product","3":"status-publish","4":"has-post-thumbnail","6":"product_cat-tv-meubels","7":"product_tag-design-meubelen","8":"product_tag-lichte-finish","9":"product_tag-moderne-meubels","11":"first","12":"instock","13":"taxable","14":"shipping-taxable","15":"purchasable","16":"product-type-variable"},"_links":{"self":[{"href":"https:\/\/2furn.be\/fr\/wp-json\/wp\/v2\/product\/512763","targetHints":{"allow":["GET"]}}],"collection":[{"href":"https:\/\/2furn.be\/fr\/wp-json\/wp\/v2\/product"}],"about":[{"href":"https:\/\/2furn.be\/fr\/wp-json\/wp\/v2\/types\/product"}],"version-history":[{"count":0,"href":"https:\/\/2furn.be\/fr\/wp-json\/wp\/v2\/product\/512763\/revisions"}],"wp:featuredmedia":[{"embeddable":true,"href":"https:\/\/2furn.be\/fr\/wp-json\/wp\/v2\/media\/512754"}],"wp:attachment":[{"href":"https:\/\/2furn.be\/fr\/wp-json\/wp\/v2\/media?parent=512763"}],"wp:term":[{"taxonomy":"product_brand","embeddable":true,"href":"https:\/\/2furn.be\/fr\/wp-json\/wp\/v2\/product_brand?post=512763"},{"taxonomy":"product_cat","embeddable":true,"href":"https:\/\/2furn.be\/fr\/wp-json\/wp\/v2\/product_cat?post=512763"},{"taxonomy":"product_tag","embeddable":true,"href":"https:\/\/2furn.be\/fr\/wp-json\/wp\/v2\/product_tag?post=512763"}],"curies":[{"name":"wp","href":"https:\/\/api.w.org\/{rel}","templated":true}]}}