{"id":512438,"date":"2025-05-31T17:03:07","date_gmt":"2025-05-31T15:03:07","guid":{"rendered":"https:\/\/2furn.be\/?post_type=product&#038;p=512438"},"modified":"2026-04-27T00:00:22","modified_gmt":"2026-04-26T22:00:22","slug":"nov-dxxx","status":"publish","type":"product","link":"https:\/\/2furn.be\/fr\/product\/nov-dxxx\/","title":{"rendered":"Nov D170"},"content":{"rendered":"<p>Le Nov D170 est un buffet tendance au look raffin\u00e9 en ch\u00eane. Ce buffet moderne est dot\u00e9 de c\u00f4t\u00e9s arrondis et de portes battantes. Ce buffet tendance se caract\u00e9rise par ses lignes \u00e9l\u00e9gantes et arrondies et son look en ch\u00eane dans une couleur ch\u00eane naturel. Le meuble repose sur un socle plat. Ce meuble se compose d'une seule partie.<span class=\"Apple-converted-space\">\u00a0<\/span><\/p>\n<p>La s\u00e9rie Nov est dot\u00e9e d'une finition claire et d'une texture en placage de ch\u00eane. Id\u00e9ale pour les int\u00e9rieurs branch\u00e9s qui allient style et fonctionnalit\u00e9. D\u00e9couvrez un design intemporel et des lignes \u00e9pur\u00e9es avec la collection de meubles tendance Nov.<\/p>","protected":false},"excerpt":{"rendered":"<table>\n<tbody>\n<tr>\n<td width=\"110\"><\/td>\n<td width=\"300\"><\/td>\n<\/tr>\n<tr>\n<td width=\"110\">Mat\u00e9riel:<\/td>\n<td width=\"300\">Placage de ch\u00eane<\/td>\n<\/tr>\n<tr>\n<td width=\"110\">Couleur:<\/td>\n<td width=\"300\">Marron (clair)<\/td>\n<\/tr>\n<tr>\n<td width=\"110\">Finition:<\/td>\n<td width=\"300\">Finition l\u00e9g\u00e8re<\/td>\n<\/tr>\n<\/tbody>\n<\/table>","protected":false},"featured_media":512441,"template":"","meta":{"_seopress_robots_primary_cat":"none","_seopress_titles_title":"Nov D170 | trendy dressoir met eikenhouten uitstraling","_seopress_titles_desc":"Trendy dressoir met een verfijnde, eikenhouten uitstraling. Dit modern dressoir is uitgevoerd met afgeronde zijkanten.","_seopress_robots_index":""},"product_brand":[],"product_cat":[64],"product_tag":[52,126,44],"class_list":{"0":"post-512438","1":"product","2":"type-product","3":"status-publish","4":"has-post-thumbnail","6":"product_cat-dressoirs","7":"product_tag-design-meubelen","8":"product_tag-lichte-finish","9":"product_tag-moderne-meubels","11":"first","12":"instock","13":"taxable","14":"shipping-taxable","15":"purchasable","16":"product-type-variable"},"_links":{"self":[{"href":"https:\/\/2furn.be\/fr\/wp-json\/wp\/v2\/product\/512438","targetHints":{"allow":["GET"]}}],"collection":[{"href":"https:\/\/2furn.be\/fr\/wp-json\/wp\/v2\/product"}],"about":[{"href":"https:\/\/2furn.be\/fr\/wp-json\/wp\/v2\/types\/product"}],"version-history":[{"count":0,"href":"https:\/\/2furn.be\/fr\/wp-json\/wp\/v2\/product\/512438\/revisions"}],"wp:featuredmedia":[{"embeddable":true,"href":"https:\/\/2furn.be\/fr\/wp-json\/wp\/v2\/media\/512441"}],"wp:attachment":[{"href":"https:\/\/2furn.be\/fr\/wp-json\/wp\/v2\/media?parent=512438"}],"wp:term":[{"taxonomy":"product_brand","embeddable":true,"href":"https:\/\/2furn.be\/fr\/wp-json\/wp\/v2\/product_brand?post=512438"},{"taxonomy":"product_cat","embeddable":true,"href":"https:\/\/2furn.be\/fr\/wp-json\/wp\/v2\/product_cat?post=512438"},{"taxonomy":"product_tag","embeddable":true,"href":"https:\/\/2furn.be\/fr\/wp-json\/wp\/v2\/product_tag?post=512438"}],"curies":[{"name":"wp","href":"https:\/\/api.w.org\/{rel}","templated":true}]}}